{"id":37,"date":"2014-08-21T21:25:08","date_gmt":"2014-08-21T20:25:08","guid":{"rendered":"http:\/\/jirioberfalzer.cz\/?page_id=37"},"modified":"2025-02-19T14:55:32","modified_gmt":"2025-02-19T13:55:32","slug":"o-mne","status":"publish","type":"page","link":"https:\/\/jirioberfalzer.cz\/?page_id=37","title":{"rendered":"O mn\u011b"},"content":{"rendered":"<p>MEDAILONEK<\/p>\n<p>Jsem obyvatelem dynamicky se rozv\u00edjej\u00edc\u00edho m\u011bsta Kr\u00e1l\u016fv Dv\u016fr. Ob\u010dan\u00e9 mi dali d\u016fv\u011bru v komun\u00e1ln\u00edch volb\u00e1ch, kde pravideln\u011b dost\u00e1v\u00e1m druh\u00fd nejvy\u0161\u0161\u00ed po\u010det hlas\u016f po starostovi. Pr\u00e1ce pro m\u011bsto je pro m\u011b obohacuj\u00edc\u00ed, nebo\u0165 tak p\u0159ijdu do \u00fazk\u00e9ho kontaktu s\u00a0probl\u00e9my na komun\u00e1ln\u00ed \u00farovni. Zat\u00edmco v Sen\u00e1tu \u0159e\u0161\u00edme n\u00e1rodn\u00ed legislativu, na m\u011bst\u011b se zab\u00fdv\u00e1me konkr\u00e9tn\u00edmi v\u011bcmi. Sen\u00e1t mi d\u00e1v\u00e1 nadhled, ale pr\u00e1ce zastupitele p\u0159edstavu o konkr\u00e9tn\u00edch probl\u00e9mech ka\u017edodenn\u00edho \u017eivota a o pot\u0159eb\u00e1ch obc\u00ed.<\/p>\n<p>Narodil jsem se v\u00a0Karlov\u00fdch Varech. Vystudoval Matematicko-fyzik\u00e1ln\u00ed fakultu Univerzity Karlovy v\u00a0Praze. Zakotvil jsem v\u00a0n.p. Geofyzika, z\u00e1vod Praha, kde jsem a\u017e do roku 1989 pracoval v\u00a0ter\u00e9nn\u00edm v\u00fdzkumu. V\u00a0prosinci 1989 jsem se zapojil do pr\u00e1ce v\u00a0Koordina\u010dn\u00edm centru Ob\u010dansk\u00e9ho f\u00f3ra v\u00a0Praze. V\u00a0\u00fanoru 1990 jsem pos\u00edlil redak\u010dn\u00ed t\u00fdm t\u00fdden\u00edku Forum a v\u00a0z\u00e1\u0159\u00ed 1990 jsem nastoupil do tiskov\u00e9ho odboru Kancel\u00e1\u0159e prezidenta republiky V\u00e1clava Havla. Zde jsem byl v\u00a0pozici \u0159editele odboru. V\u00a0n\u00e1sleduj\u00edc\u00edch letech (1993-2004) jsem pracoval v\u00a0neziskov\u00e9m sektoru a nadn\u00e1rodn\u00ed firm\u011b. Sen\u00e1torem za Beroun a Prahu-z\u00e1pad jsem se stal v\u00a0roce 2004. V\u00a0roce 2018 jsem byl zvolen m\u00edstop\u0159edsedou Sen\u00e1tu. Ze dvou man\u017eelstv\u00ed m\u00e1m p\u011bt d\u011bt\u00ed.<\/p>\n<p>&nbsp;<\/p>\n<p>VOLEBN\u00cd PROGRAM<\/p>\n<p>Moje politick\u00e9 kr\u00e9do<\/p>\n<ul>\n<li>Nep\u0159ek\u00e1\u017eet schopn\u00fdm<\/li>\n<li>Spravedliv\u011b odm\u011b\u0148ovat pracovit\u00e9<\/li>\n<li>Podporovat skute\u010dn\u011b pot\u0159ebn\u00e9<\/li>\n<\/ul>\n<p>Moje programov\u00e9 z\u00e1sady<\/p>\n<ul>\n<li>\u0160t\u00edhl\u00fd st\u00e1t<\/li>\n<li>Efektivn\u00ed dan\u011b<\/li>\n<li>Udr\u017eiteln\u00fd soci\u00e1ln\u00ed syst\u00e9m<\/li>\n<\/ul>\n<p>M\u016fj politick\u00fd styl<\/p>\n<ul>\n<li>Pracovitost<\/li>\n<li>Slu\u0161nost<\/li>\n<li>Otev\u0159enost<\/li>\n<li>Odvaha<\/li>\n<\/ul>\n<p>Podpora regionu<\/p>\n<ul>\n<li>Spolupr\u00e1ce a pomoc obc\u00edm<\/li>\n<li>Podpora spolk\u016f, kulturn\u00edch, sportovn\u00edch a obecn\u00edch organizac\u00ed<\/li>\n<li>Pomoc ob\u010dan\u016fm v\u00a0t\u011b\u017ek\u00fdch situac\u00edch a nesn\u00e1z\u00edch<\/li>\n<\/ul>\n<p>&nbsp;<\/p>\n<p>\u017dIVOTOPIS<\/p>\n<p><strong><span style=\"color: #0064ad;\">Ji\u0159\u00ed Oberfalzer<\/span> <\/strong><\/p>\n<p style=\"padding-left: 150px;\">narozen v roce 1954 v Karlov\u00fdch Varech, \u017eenat\u00fd (podruh\u00e9), p\u011bt d\u011bt\u00ed<\/p>\n<p style=\"padding-left: 150px;\">bytem v Kr\u00e1lov\u011b Dvo\u0159e<\/p>\n<p style=\"padding-left: 150px;\">\u010dlen ODS od roku 1999<\/p>\n<hr \/>\n<p><strong><span style=\"color: #0064ad;\">Vzd\u011bl\u00e1n\u00ed<\/span> <\/strong><\/p>\n<p style=\"padding-left: 150px;\">maturita na gymn\u00e1ziu v Karlov\u00fdch Varech<\/p>\n<p style=\"padding-left: 150px;\">promoce na Matematicko-fyzik\u00e1ln\u00ed fakult\u011b Univerzity Karlovy v Praze<\/p>\n<p style=\"padding-left: 150px;\">z\u00e1kladn\u00ed vojensk\u00e1 slu\u017eba<\/p>\n<p style=\"padding-left: 150px;\">St\u0159edn\u00ed odborn\u00e9 u\u010dili\u0161t\u011b v Praze Male\u0161ic\u00edch &#8211; u\u010ditel fyziky a matematiky<\/p>\n<hr \/>\n<p><span style=\"color: #0064ad;\"><strong>Pracovn\u00ed a politick\u00e9 zku\u0161enosti<\/strong><\/span><\/p>\n<p>&nbsp;<\/p>\n<p style=\"padding-left: 150px;\"><strong>Geofyzika, n.p. z\u00e1vod Praha \u2013 samostatn\u00fd geofyzik<\/strong><\/p>\n<p style=\"padding-left: 150px;\">1989<\/p>\n<p style=\"padding-left: 150px;\"><strong>prosinec Koordina\u010dn\u00ed centrum Ob\u010dansk\u00e9ho f\u00f3ra, person\u00e1ln\u00ed mana\u017eer<\/strong><\/p>\n<p style=\"padding-left: 150px;\">1990<\/p>\n<p style=\"padding-left: 150px;\"><strong>T\u00fdden\u00edk Forum &#8211; hlavn\u00ed sekret\u00e1\u0159 redakce<\/strong><\/p>\n<p style=\"padding-left: 150px;\">1990<\/p>\n<p style=\"padding-left: 150px;\"><strong>Tiskov\u00fd odbor Kancel\u00e1\u0159e prezidenta republiky \u2013 \u0159editel<\/strong><\/p>\n<p style=\"padding-left: 150px;\">1993<\/p>\n<p style=\"padding-left: 150px;\"><strong>T\u0159\u00edm\u011bs\u00ed\u010dn\u00ed st\u00e1\u017e u National Forum Foundation ve Washingtonu<\/strong><\/p>\n<p style=\"padding-left: 150px;\">1993<\/p>\n<p style=\"padding-left: 150px;\"><strong>Nadace Patriae \u2013 v\u00fdkonn\u00fd \u0159editel<\/strong><\/p>\n<p style=\"padding-left: 150px;\">1999<\/p>\n<p style=\"padding-left: 150px;\"><strong>British Ameri\u010dan Tobacco \u2013 mana\u017eer pro firemn\u00ed a legislativn\u00ed z\u00e1le\u017eitosti<\/strong><\/p>\n<p style=\"padding-left: 150px;\">2004<\/p>\n<p style=\"padding-left: 150px;\"><strong>Zvolen sen\u00e1torem za ODS v obvodu \u010d. 16 za okresy Beroun a Praha-z\u00e1pad<\/strong><\/p>\n<p style=\"padding-left: 150px;\">2004<\/p>\n<p style=\"padding-left: 150px;\"><strong>Zalo\u017eil Nada\u010dn\u00ed fond Letorosty. Souhrnn\u00fd p\u0159\u00edsp\u011bvek neziskov\u00fdm organizac\u00edm St\u0159edo\u010desk\u00e9ho kraje \u010din\u00ed za p\u011bt let \u010dinnosti fondu 5,5 mil.K\u010d<\/strong><\/p>\n<p style=\"padding-left: 150px;\">2005<\/p>\n<p style=\"padding-left: 150px;\"><strong>Zalo\u017eil hudebn\u00ed festival Berounsk\u00e9 Letorosty, kter\u00e9ho se dodnes z\u00fa\u010dastnilo na 20 tis\u00edc div\u00e1k\u016f<\/strong><\/p>\n<p style=\"padding-left: 150px;\">2010<\/p>\n<p style=\"padding-left: 150px;\"><strong>Zvolen do Zastupitelstva m\u011bsta Kr\u00e1l\u016fv Dv\u016fr,\u00a0\u010dlen Rady m\u011bsta Kr\u00e1l\u016fv Dv\u016fr<\/strong><\/p>\n<p style=\"padding-left: 150px;\">2010<\/p>\n<p style=\"padding-left: 150px;\"><strong>Op\u011btovn\u011b zvolen sen\u00e1torem za ODS v obvodu \u010d. 16 (Beroun a Praha-z\u00e1pad)<\/strong><\/p>\n<p style=\"padding-left: 150px;\">2014<\/p>\n<p style=\"padding-left: 150px;\"><strong>Op\u011btovn\u011b zvolen do Zastupitelstva m\u011bsta Kr\u00e1l\u016fv Dv\u016fr,\u00a0\u010dlen Rady m\u011bsta Kr\u00e1l\u016fv Dv\u016fr<\/strong><\/p>\n<p style=\"padding-left: 150px;\">2016<\/p>\n<p style=\"padding-left: 150px;\"><strong>Op\u011btovn\u011b zvolen sen\u00e1torem za ODS v obvodu \u010d. 16 (Beroun a Praha-z\u00e1pad), m\u00edstop\u0159edseda sen\u00e1torsk\u00e9ho klubu ODS, p\u0159edseda MIV<\/strong><\/p>\n<p style=\"padding-left: 150px;\">2018<\/p>\n<p style=\"padding-left: 150px;\"><strong>Zvolen m\u00edstop\u0159edsedou Sen\u00e1tu<\/strong><\/p>\n<p style=\"padding-left: 150px;\"><strong>Op\u011btovn\u011b zvolen do Zastupitelstva m\u011bsta Kr\u00e1l\u016fv Dv\u016fr, \u010dlen Rady m\u011bsta Kr\u00e1l\u016fv Dv\u016fr, m\u00edstostarosta<\/strong><\/p>\n<p style=\"padding-left: 150px;\">2020<\/p>\n<p style=\"padding-left: 150px;\"><strong>Op\u011btovn\u011b zvolen m\u00edstop\u0159edsedou Sen\u00e1tu<\/strong><\/p>\n<p style=\"padding-left: 150px;\"><strong>\u010clen Organiza\u010dn\u00edho v\u00fdboru, \u010dlen Podv\u00fdboru pro st\u00e1tn\u00ed vyznamen\u00e1n\u00ed, m\u00edstop\u0159edseda St\u00e1l\u00e9 komise Sen\u00e1tu pro krajany \u017eij\u00edc\u00ed v zahrani\u010d\u00ed, \u010dlen p\u0159edsednictva Sen\u00e1torsk\u00e9ho klubu ODS a TOP 09<\/strong><\/p>\n<p style=\"padding-left: 150px;\">2022<\/p>\n<p style=\"padding-left: 150px;\"><strong>Op\u011btovn\u011b zvolen sen\u00e1torem za ODS v obvodu \u010d. 16 (Beroun a Praha-z\u00e1pad), op\u011btovn\u011b zvolen m\u00edstop\u0159edsedou Sen\u00e1tu<\/strong><\/p>\n<p style=\"padding-left: 150px;\"><strong>\u010clen Organiza\u010dn\u00edho v\u00fdboru, \u010dlen Podv\u00fdboru pro st\u00e1tn\u00ed vyznamen\u00e1n\u00ed, m\u00edstop\u0159edseda St\u00e1l\u00e9 komise Sen\u00e1tu pro krajany \u017eij\u00edc\u00ed v zahrani\u010d\u00ed, \u010dlen p\u0159edsednictva Sen\u00e1torsk\u00e9ho klubu ODS a TOP 09<\/strong><\/p>\n<p><strong>\u00a0 \u00a0 \u00a0 \u00a0 \u00a0 \u00a0 \u00a0 \u00a0 \u00a0 \u00a0 \u00a0 \u00a0 \u00a0 \u00a0 \u00a0 \u00a0 \u00a0 \u00a0 \u00a0 Op\u011btovn\u011b zvolen do Zastupitelstva, \u010dlen Rady m\u011bsta Kr\u00e1l\u016fv Dv\u016fr<\/strong><\/p>\n<p style=\"padding-left: 150px;\">2024<\/p>\n<p style=\"padding-left: 150px;\"><strong>Op\u011btovn\u011b zvolen m\u00edstop\u0159edsedou Sen\u00e1tu<\/strong><\/p>\n<hr \/>\n<p style=\"text-align: justify;\">P\u0159ed rokem 1989 nebyl organizov\u00e1n v \u017e\u00e1dn\u00e9 politick\u00e9 stran\u011b a nespolupracoval s re\u017eimem ani s jeho mocensk\u00fdmi \u010di politick\u00fdmi org\u00e1ny, m\u00e1 negativn\u00ed lustra\u010dn\u00ed osv\u011bd\u010den\u00ed. Posledn\u00edch osm let p\u0159edchoz\u00edho re\u017eimu pracoval v podniku, jeho\u017e hlavn\u00ed \u010dinnost\u00ed byl ter\u00e9nn\u00ed geofyzik\u00e1ln\u00ed v\u00fdzkum.<\/p>\n<p>M\u00e1 r\u00e1d divadlo, rekrea\u010dn\u00ed sport (tenis, badminton, cyklistika).<\/p>\n<p>S ochotn\u00edky z Dob\u0159ichovic a \u0158evnic ji\u017e hr\u00e1l v mnoha inscenac\u00edch.<\/p>\n<p>&nbsp;<\/p>\n<hr \/>\n<p>&nbsp;<\/p>\n<h3><span style=\"color: #0064ad;\"><strong>Profilov\u00fd rozhovor se sen\u00e1torem Oberfalzerem<\/strong><\/span><\/h3>\n<p><strong>Kde jste se narodil? M\u016f\u017eete n\u00e1m n\u011bco prozradit o sv\u00fdch rodi\u010d\u00edch a sourozenc\u00edch? <\/strong><\/p>\n<p>Narodil jsem se v\u00a0Karlov\u00fdch Varech v\u00a0lednu 1954. Matka byla \u00fa\u0159ednice a otec projektant na spr\u00e1v\u011b spoj\u016f. Byli jsme t\u0159i brat\u0159i, j\u00e1 nejmlad\u0161\u00ed (prost\u0159edn\u00ed u\u017e je po smrti). Na\u0161e m\u00e1ma by si zaslou\u017eila pomn\u00edk, \u017ee se starala o \u010dty\u0159i chlapy. \u017dili jsme v\u00a0t\u00e9 dob\u011b tradi\u010dn\u00edm rodinn\u00fdm modelem, tak\u017ee v\u011bt\u0161inu dom\u00e1cnosti nesla na sv\u00fdch bedrech m\u00e1ma, pracovala prakticky 18 hodin denn\u011b. My kluci jsme se skoro o nic nestarali. Ve Varech jsem \u017eil a\u017e do maturity, byla to kr\u00e1sn\u00e1 l\u00e9ta, do centra m\u011bsta sta\u010dilo sej\u00edt po schodech k\u00a0po\u0161t\u011b a do l\u00e1ze\u0148sk\u00e9 \u010dtvrti zas kolem \u0161koly. Opa\u010dn\u00fdm sm\u011brem u\u017e byly jen louky a lesy. Byli jsme takov\u00fdmi m\u011bstsk\u00fdmi venkovany. Po maturit\u011b jsem ode\u0161el na studia do Prahy a tam jsem z\u016fstal a\u017e do roku 2006, kdy jsem se p\u0159est\u011bhoval do Kr\u00e1lova Dvora. Zde \u017eiji dodnes.<\/p>\n<p><strong>Co V\u00e1s v\u00a0\u017eivot\u011b nejv\u00edce ovlivnilo p\u0159i volb\u011b povol\u00e1n\u00ed?<\/strong><\/p>\n<p>Asi maminka. Stra\u0161n\u011b si nep\u0159\u00e1la, abych \u0161el k\u00a0divadlu, a tak m\u011b nen\u00e1padn\u011b, abych nic netu\u0161il, manipulovala ke studiu n\u011bjak\u00e9ho \u201esolidn\u00edho\u201c oboru. Vystudoval jsem fyziku na Matematicko-fyzik\u00e1ln\u00ed fakult\u011b Univerzity Karlovy, ale u\u017e v\u00a0p\u016flce studia jsem v\u011bd\u011bl, \u017ee to nebyla ta prav\u00e1 osudov\u00e1 volba. M\u00e9 spole\u010densk\u00e9 a um\u011bleck\u00e9 z\u00e1jmy p\u0159evl\u00e1daly. Dostudoval jsem vlastn\u011b hlavn\u011b proto, abych m\u011bl krat\u0161\u00ed vojnu.<\/p>\n<p><strong>Stejn\u011b V\u00e1s to k\u00a0divadlu \u010di divadelnictv\u00ed zavedlo.<\/strong><\/p>\n<p>N\u00e1\u0161 kruhov\u00fd vedouc\u00ed na matfyzu, Milo\u0161 Rotter, hr\u00e1l v\u00a0divadle Orfeus. V\u0161iml si v\u00a0m\u00fdch osobn\u00edch materi\u00e1lech, \u017ee m\u00e1m r\u00e1d divadlo, a pozval m\u011b na p\u0159edstaven\u00ed. Orfeus mi u\u010daroval a hr\u00e1l jsem tam skoro deset let. Kdy\u017e se n\u00e1m narodila dvoj\u010data koncem 80. let, musel jsem tohoto n\u00e1ro\u010dn\u00e9ho kon\u00ed\u010dku nechat a z\u00a0Orfea jsem ode\u0161el. Mimochodem, zakladatel a princip\u00e1l divadla Orfeus, Radim Va\u0161inka, kter\u00fd m\u011b hodn\u011b nau\u010dil, ned\u00e1vno zem\u0159el. Jeho letit\u00e9 pr\u00e1ce si m\u00e9dia t\u00e9m\u011b\u0159 nev\u0161\u00edmala. \u00damrt\u00ed zm\u00ednila v\u0161echna.<\/p>\n<p><strong>Orfeus bylo Va\u0161e prvn\u00ed anga\u017em\u00e1?<\/strong><\/p>\n<p>Prvn\u00ed \u0161tace to nebyla, jako student gymn\u00e1zia a \u017e\u00e1k lidov\u00e9 \u0161koly um\u011bn\u00ed jsem statoval v\u00a0Divadle V\u00edt\u011bzslava Nezvala v\u00a0Karlov\u00fdch Varech. Potkal jsem tam na jevi\u0161ti mj. Zde\u0148ka Kryz\u00e1nka, Gustava Opo\u010densk\u00e9ho, Ivu H\u00fcttnerovou nebo taky Ivana Rajmonta. Hr\u00e1l jsem tu i p\u00e1r roli\u010dek.<\/p>\n<p><strong>A co V\u00e1s p\u0159ivedlo zp\u00e1tky na divadeln\u00ed prkna?<\/strong><\/p>\n<p>N\u00e1stup do sen\u00e1tn\u00edho obvodu. Brzy jsem narazil na dob\u0159ichovick\u00e9 a \u0159evnick\u00e9 ochotn\u00edky. Nemohlo to dopadnout jinak, ne\u017e \u017ee jsem se mezi n\u011b zapojil. Naposledy jsem st\u00e1l na jevi\u0161ti, kdy\u017e jsem zaskakoval v\u00a0jedn\u00e9 mal\u00e9 roli v\u00a0p\u0159edstaven\u00ed Sladk\u00e9 tajemstv\u00ed, kter\u00e9 jsem re\u017e\u00edroval. Byla to derni\u00e9ra loni v\u00a0listopadu. Od t\u00e9 doby \u0161et\u0159\u00edm energii a \u010das na volebn\u00ed z\u00e1polen\u00ed.<\/p>\n<p>Jo, abych nezapomn\u011bl, hraju je\u0161t\u011b v\u00a0Noci na Karl\u0161tejn\u011b (to p\u0159edstaven\u00ed se hraje u\u017e 10 let, ne-li d\u00e9le), tam u\u017e jsem byl za kr\u00e1le cypersk\u00e9ho, v\u00e9vodu bavorsk\u00e9ho a jednou na z\u00e1skok t\u00e9\u017e Arno\u0161tem z\u00a0Pardubic. \u201eNoc\u201c se bude hr\u00e1t je\u0161t\u011b 24. z\u00e1\u0159\u00ed v\u00a0Karl\u0161tejn\u011b v\u00a0r\u00e1mci vinobran\u00ed.<strong>\u00a0<\/strong><\/p>\n<p><strong>Objevil jste se tak\u00e9 v\u00a0n\u011bkolika televizn\u00edch filmech.<\/strong><\/p>\n<p>To byla sp\u00ed\u0161 souhra n\u00e1hod. P\u011bknou postavu pediatra prof. Roub\u00ed\u010dka jsem dostal ve filmu Posledn\u00ed cyklista od Ji\u0159\u00edho Svobody. Pak je\u0161t\u011b roli\u010dku kardin\u00e1la Balardiho v\u00a0Janu Husovi a p\u00e1r epizodek v\u00a0seri\u00e1lech (Vra\u017edy v\u00a0kruhu a Mamon). Nejabsurdn\u011bj\u0161\u00ed ov\u0161em bylo nat\u00e1\u010den\u00ed s\u00a0\u010d\u00ednskou produkc\u00ed (Posledn\u00ed v\u00edza). M\u011bl jsem tam pom\u011brn\u011b dlouh\u00e9 dialogy s\u00a0\u010d\u00ednsk\u00fdm hercem. On neum\u011bl jinak ne\u017e \u010d\u00ednsky. Tak jsme se museli nau\u010dit odhadovat d\u00e9lku vz\u00e1jemn\u00fdch replik, proto\u017ee ani nar\u00e1\u017eky v\u00a0textu jsme nebyli s\u00a0to rozpoznat.<\/p>\n<p><strong>Co jste d\u011blal, ne\u017e jste se stal sen\u00e1torem?<\/strong><\/p>\n<p>Byla toho spousta. P\u0159ed vojnou kr\u00e1tce v\u00a0Hydrometeorologick\u00e9m \u00fastavu v\u00a0Komo\u0159anech. Po vojn\u011b jsem jeden rok u\u010dil, pak jsem zakotvil v\u00a0n\u00e1rodn\u00edm podniku Geofyzika a pracoval osm let v\u00a0ter\u00e9nn\u00edm geologick\u00e9m v\u00fdzkumu. To byla p\u011bkn\u00e1 l\u00e9ta, pr\u00e1ce v\u00a0ter\u00e9nu byla trochu jako emigrace. Jeden \u010das bylo v\u00a0Geofyzice v\u00edc chartist\u016f ne\u017e komunist\u016f. V\u00a0listopadu 1989 jsem se p\u0159idal k\u00a0Ob\u010dansk\u00e9mu f\u00f3ru a pracoval v\u00a0Koordina\u010dn\u00edm centru OF. Pak jsem t\u0159i roky pracoval v\u00a0Kancel\u00e1\u0159i prezidenta je\u0161t\u011b za V\u00e1clava Havla. Pot\u00e9 jsem \u0161est let vedl nadaci, dal\u0161\u00edch \u0161est let zast\u00e1val mana\u017eerskou pozici v\u00a0britsk\u00e9 nadn\u00e1rodn\u00ed firm\u011b, a to a\u017e do roku 2004.<\/p>\n<p><strong>Do ODS jste vstoupil v\u00a0roce 1999. Pro\u010d?<\/strong><\/p>\n<p>St\u00e1le jsem m\u011bl pot\u0159ebu pod\u00edlet se na ve\u0159ejn\u00e9m d\u011bn\u00ed a po r\u016fzn\u00fdch \u201ev\u00fdletech\u201c mezi nez\u00e1visl\u00e9 iniciativy jsem dosp\u011bl k\u00a0z\u00e1v\u011bru, \u017ee jedin\u00fd smysl mi d\u00e1v\u00e1 \u010dinnost v\u00a0r\u00e1mci etablovan\u00e9 politick\u00e9 s\u00edly. Po ODA mi byla ODS n\u00e1zorov\u011b nejbli\u017e\u0161\u00ed.<\/p>\n<p><strong>V\u00a0roce 2004 jste kandidoval za ODS do Sen\u00e1tu.<\/strong><\/p>\n<p>Byl jsem ve veden\u00ed ODS na Praze-z\u00e1pad a velk\u00e1 \u010d\u00e1st tohoto okresu je sou\u010d\u00e1st\u00ed sen\u00e1tn\u00edho obvodu \u010d. 16 \u2013 Beroun. Kolegov\u00e9 m\u011b p\u0159esv\u011bd\u010dili, abych do toho \u0161el. P\u0159ijal jsem tedy sv\u016fj d\u00edl odpov\u011bdnosti za v\u011bci ve\u0159ejn\u00e9.<\/p>\n<p>Poprv\u00e9 jsem byl zvolen v\u00edcem\u00e9n\u011b d\u00edky dobr\u00e9 pozici ODS (lidi u\u017e byli nespokojeni s\u00a0koalic\u00ed \u010cSSD, US a KDU) \u2013 to bylo je\u0161t\u011b snadn\u00e9. Podruh\u00e9 u\u017e jsem vyhr\u00e1l navzdory postaven\u00ed ODS, byla tehdy ve vnit\u0159n\u00ed krizi a jej\u00ed reputace byla t\u011b\u017ece po\u0161ramocen\u00e1. M\u00e9 zvolen\u00ed tedy bylo ocen\u011bn\u00edm od voli\u010d\u016f za mou osobn\u00ed pr\u00e1ci v\u00a0politice a v\u00a0regionu, nikoli za p\u0159\u00edslu\u0161nost ke stran\u011b.<\/p>\n<p><strong>Zhodnot\u00edte, nakolik se Va\u0161e p\u0159edstavy o pr\u00e1ci sen\u00e1tora vyplnily a v\u00a0\u010dem je ta pr\u00e1ce jin\u00e1?<\/strong><\/p>\n<p>Myslel jsem, \u017ee toho sen\u00e1tor m\u016f\u017ee dok\u00e1zat v\u00edc. Ale legislativn\u00ed ma\u0161in\u00e9rie v\u00e1m toho moc nedovol\u00ed. Z\u00a0pozice sen\u00e1tora m\u016f\u017eete prosadit n\u011bkter\u00e9 d\u00edl\u010d\u00ed zm\u011bny z\u00e1kon\u016f, ale nem\u016f\u017eete zastat \u010dinnost vl\u00e1dy nebo ministerstva. Navrhujeme r\u016fzn\u00e9 novely, ale t\u011b\u017eko lze prosadit t\u0159eba celou reformu v\u00a0ur\u010dit\u00e9 oblasti bez podpory \u00fa\u0159edn\u00edho apar\u00e1tu. Jde tedy v\u011bt\u0161inou o d\u00edl\u010d\u00ed vylep\u0161en\u00ed z\u00e1kon\u016f. Navrhl jsem nebo byl spolunavrhovatelem dvaceti z\u00e1kon\u016f, asi osmdes\u00e1ti pozm\u011b\u0148ovac\u00edch n\u00e1vrh\u016f, byl jsem zpravodajem asi \u0161edes\u00e1ti sen\u00e1tn\u00edch tisk\u016f.<\/p>\n<p><strong>Dal\u0161\u00ed rovinou pr\u00e1ce sen\u00e1tora je pomoc sv\u00e9mu obvodu.<\/strong><\/p>\n<p>Sen\u00e1tor nem\u00e1 \u017e\u00e1dn\u00e9 exekutivn\u00ed pravomoci a Sen\u00e1t nerozhoduje p\u0159\u00edmo o ve\u0159ejn\u00fdch pen\u011bz\u00edch. Sen\u00e1tor v\u0161ak m\u016f\u017ee vyu\u017e\u00edt autority sv\u00e9ho \u00fastavn\u00edho postaven\u00ed a m\u016f\u017ee pom\u00e1hat jako prost\u0159edn\u00edk nebo zast\u00e1nce. Pomohl jsem \u0159ad\u011b ob\u010dan\u016f i starost\u016f p\u0159i jedn\u00e1n\u00ed s\u00a0\u00fa\u0159ady, obc\u00edm p\u0159i zaji\u0161\u0165ov\u00e1n\u00ed jejich rozvojov\u00fdch pl\u00e1n\u016f apod. Nap\u0159\u00edklad Berounu, Kr\u00e1lovu Dvoru, Ho\u0159ovic\u00edm, V\u0161eradic\u00edm, H\u00fdskovu, \u0158evnic\u00edm, Ni\u017eboru, Otro\u010din\u011bvsi, \u017debr\u00e1ku, Hl\u00e1sn\u00e9 T\u0159ebani, Chot\u010di, J\u00edlovi\u0161ti, Dob\u0159ichovic\u00edm, Let\u016fm, O\u0159echu, Zbuzan\u016fm, Jino\u010dan\u016fm a spoust\u011b dal\u0161\u00edch. Na sklonku roku jsem otev\u00edral cestu na ministerstvo \u0161kolstv\u00ed kv\u016fli dostavb\u011b Z\u0160 v\u00a0\u017debr\u00e1ku, dnes u\u017e pavilon stoj\u00ed. Je\u0161t\u011b dva dny p\u0159ed \u0161t\u011bdr\u00fdm dnem jsme byli se starostou O\u0159echu na pozemkov\u00e9m \u00fa\u0159adu odvr\u00e1tit nebezpe\u010d\u00ed protipr\u00e1vn\u00edho vyd\u00e1n\u00ed n\u011bkter\u00fdch pozemk\u016f v\u00a0c\u00edrkevn\u00edch restituc\u00edch.<\/p>\n<p><strong>Co se V\u00e1m povedlo prosadit v\u00a0Sen\u00e1tu? <\/strong><\/p>\n<p>Zna\u010dn\u00e9 \u00fasil\u00ed dalo prosadit z\u00e1kaz reklamy pro internetov\u00e9 s\u00e1zen\u00ed neregistrovan\u00fdch spole\u010dnost\u00ed (firem, kter\u00e9 v\u00a0\u010cR neodv\u00e1d\u011bj\u00ed dan\u011b). Bylo nutn\u00e9 zas\u00e1hnout do obchodu neleg\u00e1ln\u00edch internetov\u00fdch provozovatel\u016f. Komunika\u010dn\u00ed m\u00e9dia maj\u00ed mezi z\u00e1konod\u00e1rci siln\u00e9 lobby, a tak to byl skute\u010dn\u00fd boj. Odvody leg\u00e1ln\u00edch loterijn\u00edch spole\u010dnost\u00ed poskytuj\u00ed miliardy pro obce v\u00a0cel\u00e9 republice a do rozpo\u010dtu ministerstva \u0161kolstv\u00ed na podporu sportu. St\u00e1t by nem\u011bl dovolit, aby vedle nich podnikaly jin\u00e9 subjekty, kter\u00e9 se odvodov\u00e9 povinnosti vyh\u00fdbaj\u00ed.<\/p>\n<p>Pomohl jsem aktivn\u011b zam\u00edtnut\u00ed tzv. n\u00e1hubkov\u00e9ho z\u00e1kona. Prosadili jsme s\u00a0Tom\u00e1\u0161em T\u00f6pferem z\u00e1kon na podporu kinematografie a Fondu kultury. Fond by \u00fapln\u011b zanikl, neb\u00fdt na\u0161\u00ed iniciativy. A podpora filmov\u00e9 tvorby podle na\u0161eho n\u00e1vrhu funguje v\u00edcem\u00e9n\u011b dodnes.<\/p>\n<p>Na ja\u0159e Sen\u00e1t schv\u00e1lil m\u016fj n\u00e1vrh novely slu\u017eebn\u00edho z\u00e1kona, kter\u00fd pom\u016f\u017ee zachr\u00e1nit m\u00edsto t\u00e9m\u011b\u0159 dv\u011bma tis\u00edc\u016fm zam\u011bstnanc\u016f \u00fa\u0159ad\u016f, jako jsou soci\u00e1ln\u00ed zabezpe\u010den\u00ed, katastr nebo finan\u010dn\u00ed spr\u00e1va.<\/p>\n<p><strong>Co se naopak nepovedlo?<\/strong><\/p>\n<p>Pokud jde o ne\u00fasp\u011bchy, t\u011bch je tak\u00e9 cel\u00e1 \u0159ada. Prohr\u00e1li jsme t\u0159eba bitvu o rozpo\u010dtov\u00e9 ur\u010den\u00ed dan\u00ed pro obce. Ministr financ\u00ed navrhl nav\u00fd\u0161en\u00ed rozpo\u010dt\u016f kraj\u016f, ale obce budou muset po\u010dkat a\u017e do p\u0159\u00ed\u0161t\u00edho roku. Nebo jsme neusp\u011bli s\u00a0opravou \u0161kolsk\u00e9ho z\u00e1kona, obce podle n\u011bj mus\u00ed m\u00edt kapacity pro v\u0161echny dvoulet\u00e9 d\u011bti, aby je mohly um\u00edstit do \u0161kolek, budou-li si to rodi\u010de p\u0159\u00e1t. To je naprost\u00fd nesmysl, ale vl\u00e1dn\u00ed koalice na n\u011bm trv\u00e1.<\/p>\n<p>Za velk\u00fd nezdar pokl\u00e1d\u00e1m schv\u00e1len\u00ed Lisabonsk\u00e9 smlouvy v\u00a0roce 2009. Zp\u016fsobila dominanci N\u011bmecka v\u00a0Evrop\u011b a p\u0159echod do re\u017eimu v\u011bt\u0161inov\u00e9ho hlasov\u00e1n\u00ed v\u00a0celkem asi 40 agend\u00e1ch. Mezi n\u011b pat\u0159\u00ed i imigra\u010dn\u00ed politika. Jen z\u00a0toho d\u016fvodu jsme nyn\u00ed mohli b\u00fdt p\u0159ehlasov\u00e1ni v\u00a0ot\u00e1zce uprchlick\u00fdch kv\u00f3t.<\/p>\n<p>Ne\u00fasp\u011bchem jist\u011b bylo, \u017ee jsme nedok\u00e1zali zam\u00edtnout novelu, kter\u00e1 prodlu\u017euje p\u0159im\u00edch\u00e1v\u00e1n\u00ed bioslo\u017eek do pohonn\u00fdch hmot, kdy\u017e u\u017e se d\u00e1vno v\u00ed, \u017ee to klimatu nep\u0159isp\u00edv\u00e1 a EU na tom nad\u00e1le netrv\u00e1. Mysl\u00edm, \u017ee m\u00e9n\u011b \u0159epky by pomohlo u\u010dinit n\u00e1\u0161 venkov lep\u0161\u00edm pro n\u00e1s i na\u0161e d\u011bti.<\/p>\n<p><strong>S\u00a0\u010d\u00edm se na V\u00e1s lid\u00e9 obracej\u00ed? <\/strong><\/p>\n<p>Lid\u00e9 p\u0159ich\u00e1zej\u00ed se zcela r\u016fznorod\u00fdmi podn\u011bty. Z\u00a0na\u0161eho regionu to byla t\u0159eba ot\u00e1zka \u00fazemn\u00edho \u0159\u00edzen\u00ed jednoho ob\u010dana nebo obrana cestovn\u00edch kancel\u00e1\u0159\u00ed proti likvida\u010dn\u00ed podob\u011b n\u00e1vrhu z\u00e1kona o jejich poji\u0161t\u011bn\u00ed. Tak\u00e9 jsem \u0159e\u0161il spor pacienta s\u00a0nemocni\u010dn\u00edm za\u0159\u00edzen\u00edm. \u010cast\u00e9 jsou sousedsk\u00e9 spory (n\u011bkdy jsou vyhroceny jako v\u00a0n\u011bjak\u00e9m hororu) nebo zast\u00e1n\u00ed v\u00a0\u00fa\u0159edn\u00edch \u0159\u00edzen\u00edch, kde je ob\u010dan ve slab\u00e9 pozici v\u016f\u010di \u00fa\u0159edn\u00ed ma\u0161in\u00e9rii. Nap\u0159\u00edklad v\u00a0exekuc\u00edch. Je toho \u0159ada des\u00edtek p\u0159\u00edpad\u016f ro\u010dn\u011b.<\/p>\n<p>Chcete-li lidem pom\u00e1hat, je pr\u00e1ce sen\u00e1tora velice pestr\u00e1, n\u011bkdy a\u017e moc.<\/p>\n<p><strong>Jak\u00fd zast\u00e1v\u00e1te n\u00e1zor na uprchlickou krizi a p\u0159ij\u00edm\u00e1n\u00ed uprchl\u00edk\u016f?<\/strong><\/p>\n<p>Evropsk\u00e9 st\u00e1ty si nemohou dovolit p\u0159ijmout ka\u017ed\u00e9ho, kdo si chce vylep\u0161it sv\u00e9 \u017eivotn\u00ed pom\u011bry. Na to na\u0161e ekonomiky nesta\u010d\u00ed a ani to nen\u00ed spr\u00e1vn\u00e9. Mezin\u00e1rodn\u00edmi smlouvami jsme v\u00e1z\u00e1ni poskytovat azyl, ale to se t\u00fdk\u00e1 lid\u00ed politicky pron\u00e1sledovan\u00fdch nebo bezprost\u0159edn\u011b ohro\u017een\u00fdch v\u00e1lkami nebo genocidou. Drtiv\u00e1 v\u011bt\u0161ina imigrant\u016f jde do Evropy za \u201elep\u0161\u00edm\u201c, a nem\u00e1 tud\u00ed\u017e na azyl n\u00e1rok.<\/p>\n<p>EU m\u00e1 syst\u00e9m voln\u00e9ho pohybu mezi \u010dlensk\u00fdmi st\u00e1ty, tzv. schengensk\u00fd syst\u00e9m. V\u0161echny \u010dlensk\u00e9 zem\u011b p\u0159isp\u00edvaj\u00ed na ochranu vn\u011bj\u0161\u00edch hranic \u201eschengenu\u201c a skoro v\u0161echny hrani\u010dn\u00ed zem\u011b ochranu prov\u00e1d\u011bj\u00ed \u0159\u00e1dn\u011b. Probl\u00e9m je v\u00a0It\u00e1lii a \u0158ecku. Tyto zem\u011b dost\u00e1vaj\u00ed p\u0159\u00edsp\u011bvky, dnes u\u017e dokonce nav\u00fd\u0161en\u00e9, ale povinnosti nad\u00e1le nezvl\u00e1daj\u00ed.<\/p>\n<p><strong>Jak\u00e9 m\u00e1te \u0159e\u0161en\u00ed? <\/strong><\/p>\n<p>Mysl\u00edm, \u017ee sta\u010d\u00ed dodr\u017eovat pravidla. Ka\u017ed\u00fd p\u0159\u00edchoz\u00ed se mus\u00ed zadr\u017eet u\u017e na hranici, zaregistrovat a prov\u011b\u0159it. Pokud spl\u0148uje n\u00e1rok na azyl, dostane mezin\u00e1rodn\u011b pr\u00e1vn\u00ed ochranu na \u00fazem\u00ed EU, pokud ne, mus\u00ed b\u00fdt vr\u00e1cen do zem\u011b, odkud k\u00a0n\u00e1m p\u0159i\u0161el. Samoz\u0159ejm\u011b ne do v\u00e1le\u010dn\u00e9 z\u00f3ny, ale v\u011bt\u0161ina uprchl\u00edk\u016f p\u0159ich\u00e1z\u00ed z\u00a0Turecka, Jord\u00e1nska nebo africk\u00fdch zem\u00ed, kde v\u00e1lka nezu\u0159\u00ed.<\/p>\n<p>To, \u017ee uprchl\u00edci necht\u011bj\u00ed do \u010ceska, Slovenska nebo Ma\u010farska, je pro m\u011b jasn\u00fdm d\u016fkazem, \u017ee jde o ekonomick\u00e9 uprchl\u00edky, ani v\u00a0jedn\u00e9 z\u00a0t\u011bchto zem\u00ed nen\u00ed v\u00e1lka, \u201en\u00e1\u0161\u201c m\u00edr jim nesta\u010d\u00ed, cht\u011bj\u00ed prost\u011b n\u011bmeck\u00fd nebo \u0161v\u00e9dsk\u00fd blahobytn\u00fd soci\u00e1ln\u00ed syst\u00e9m.<\/p>\n<p><strong>Pro\u010d si s\u00a0t\u00edm nev\u00edme rady?<\/strong><\/p>\n<p>V\u00a0Evrop\u011b vl\u00e1dne pocit \u0161patn\u00e9ho sv\u011bdom\u00ed za b\u00eddu sv\u011bta. Ale n\u00e1m trvalo dva tis\u00edce let, ne\u017e jsme do\u0161li tam, kde nyn\u00ed jsme. Za evropsk\u00fdm blahobytem je mnoho str\u00e1d\u00e1n\u00ed a usilovn\u00e9 pr\u00e1ce p\u0159edchoz\u00edch generac\u00ed.<\/p>\n<p>Pokl\u00e1d\u00e1m za skand\u00e1ln\u00ed neschopnost p\u0159ed\u00e1k\u016f EU vy\u0159e\u0161it tento v\u00a0z\u00e1sad\u011b technick\u00fd probl\u00e9m. Neschopnost \u010delit t\u00e9to krizov\u00e9 situaci hrani\u010d\u00ed se ztr\u00e1tou pudu sebez\u00e1chovy. Mysl\u00edm, \u017ee i na\u0161e vl\u00e1da je na p\u016fd\u011b EU p\u0159\u00edli\u0161 pasivn\u00ed. M\u011bli bychom p\u0159in\u00e1\u0161et n\u00e1vrhy \u0159e\u0161en\u00ed a ne jen ob\u010das hlesnout vla\u017en\u00fd nesouhlas a b\u00fdt p\u0159ehlasov\u00e1n.<\/p>\n<p><strong>Mnoho lid\u00ed se boj\u00ed a necht\u011bj\u00ed zde muslimy\u2026<\/strong><\/p>\n<p>Obav\u00e1m ob\u010dan\u016f rozum\u00edm, ale p\u0159esto si mysl\u00edm, \u017ee mus\u00edme rozli\u0161ovat. V\u00a0republice je u\u017e v\u00edce desetilet\u00ed cel\u00e1 \u0159ada ob\u010dan\u016f poch\u00e1zej\u00edc\u00edch z muslimsk\u00fdch zem\u00ed a jsou to \u0159\u00e1dn\u00ed a pln\u011b integrovan\u00ed lid\u00e9, \u010dasto vysoko\u0161kolsky vzd\u011blan\u00ed. (I v\u00a0Sen\u00e1tu zased\u00e1 jeden Sy\u0159an.) Kolektivn\u00ed vina je p\u0159irozen\u00fdm lidsk\u00fdm sklonem k\u00a0zjednodu\u0161en\u00e9mu soudu (nap\u0159. v\u0161ichni taxik\u00e1\u0159i jsou podvodn\u00edci, co politik, to zlod\u011bj, nebo popul\u00e1rn\u00ed v\u00fdrok jednoho ministra: v\u0161etci kradn\u00fa, \u010di\u017ee aj ja apod.), ale nem\u011bli bychom podl\u00e9hat jednoduch\u00fdm zkratk\u00e1m nebo n\u00e1lepk\u00e1m.<\/p>\n<p><strong>M\u00e1me se b\u00e1t teroru od radik\u00e1ln\u00edch isl\u00e1mist\u016f? <\/strong><\/p>\n<p>Terorismus v\u00a0Evrop\u011b bude ur\u010dit\u011b s\u00edlit. D\u017eih\u00e1dist\u00e9 si nyn\u00ed vyzkou\u0161eli, jak Evropu penetrovat, a budou vyu\u017e\u00edvat na\u0161ich slabin. Terorem \u0161\u00ed\u0159\u00ed strach a upout\u00e1vaj\u00ed medi\u00e1ln\u00ed pozornost. V\u011bt\u0161\u00ed propagaci jim zajist\u00ed atent\u00e1t v\u00a0Pa\u0159\u00ed\u017ei, New Yorku nebo Madridu ne\u017e v\u00a0\u010cR, ale to je jen slab\u00e1 \u00fat\u011bcha. Na to nem\u016f\u017eeme spol\u00e9hat.<\/p>\n<p>Terorismus m\u00e1 povahu gerilov\u00e9 v\u00e1lky a s\u00a0tou se t\u011b\u017eko bojuje, vzpome\u0148te na Vietnam nebo Afgh\u00e1nist\u00e1n. V\u00a0t\u00e9to oblasti by m\u011bla EU uplatnit schopnost koordinace mezi jednotliv\u00fdmi st\u00e1ty a jejich bezpe\u010dnostn\u00edmi slo\u017ekami a uplatn\u011bn\u00ed nejvysp\u011blej\u0161\u00edch zpravodajsk\u00fdch technologi\u00ed. Ale i dokonal\u00e1 prevence m\u00e1 sv\u00e9 meze.<\/p>\n<p><strong>Angli\u010dan\u00e9 se vyslovili pro brexit. Co to p\u0159inese na\u0161\u00ed republice? <\/strong><\/p>\n<p>To je\u0161t\u011b nikdo nev\u00ed, proto\u017ee bude z\u00e1le\u017eet na podm\u00ednk\u00e1ch, jak\u00e9 si Velk\u00e1 Brit\u00e1nie s\u00a0EU dojedn\u00e1. N\u00e1\u0161 z\u00e1jem na britsk\u00e9m trhu je odbyt na\u0161ich v\u00fdrobk\u016f a pracovn\u00ed p\u0159\u00edle\u017eitosti pro na\u0161e ob\u010dany. Ob\u011b tyto oblasti budou p\u0159edm\u011btem tvrd\u00fdch jedn\u00e1n\u00ed. \u010cesk\u00fd premi\u00e9r by proto m\u011bl prosazovat zachov\u00e1n\u00ed co nejt\u011bsn\u011bj\u0161\u00edch vazeb EU s\u00a0Brity. Nem\u016f\u017eeme nechat ve\u0161ker\u00e9 vyjedn\u00e1v\u00e1n\u00ed na N\u011bmecku a Francii, Britov\u00e9 vystoupili z\u00a0cel\u00e9 EU, ne z\u00a0jej\u00edho pomysln\u00e9ho j\u00e1dra.<\/p>\n<p>K\u00a0zamy\u0161len\u00ed je, co p\u0159inese brexit Evrop\u011b. Mysl\u00edm, \u017ee to m\u016f\u017ee b\u00fdt pozitivn\u00ed impulz. Je to odpov\u011b\u010f na lhostejnost, s\u00a0jakou evrop\u0161t\u00ed l\u00edd\u0159i reagovali na Cameronovu v\u00fdzvu k\u00a0reform\u00e1m. Je to reakce na \u00fa\u010dinky Lisabonsk\u00e9 smlouvy. Je to tak\u00e9 odpov\u011b\u010f na nesmyslnou a nezodpov\u011bdnou politiku Evropy v\u00a0imigra\u010dn\u00ed krizi.<\/p>\n<p>K\u00e9\u017e by si komise i l\u00edd\u0159i \u010dlensk\u00fdch zem\u00ed uv\u011bdomili, \u017ee budov\u00e1n\u00ed superst\u00e1tu s\u00a0centralizovan\u00fdm \u0159\u00edzen\u00edm v\u0161ech oblast\u00ed spole\u010dnosti i soukrom\u00fdch \u017eivot\u016f ob\u010dan\u016f povede jen ke ztr\u00e1t\u011b postaven\u00ed EU v\u00a0mezin\u00e1rodn\u00edm m\u011b\u0159\u00edtku, hlavn\u011b v\u00a0hospod\u00e1\u0159sk\u00e9 sout\u011b\u017ei.<\/p>\n<p>Z\u00a0EU se stal vzdu\u0161n\u00fd z\u00e1mek, kde si evrop\u0161t\u00ed poslanci a \u00fa\u0159edn\u00edci komise namlouvaj\u00ed, \u017ee stav\u00ed pozemsk\u00fd r\u00e1j. Sv\u011bt se ale za posledn\u00edch p\u00e1r let hodn\u011b zm\u011bnil. Neschopnost Bruselu vz\u00edt to na v\u011bdom\u00ed vede Evropu do v\u00e1\u017en\u00fdch probl\u00e9m\u016f.<\/p>\n<p><strong>Zaru\u010d\u00ed n\u00e1m setrv\u00e1n\u00ed v\u00a0EU m\u00edr a prosperitu? <\/strong><\/p>\n<p>M\u00edr n\u00e1m sp\u00ed\u0161e m\u016f\u017ee zaru\u010dit \u010dlenstv\u00ed v\u00a0NATO. Pokud by Evropa chr\u00e1nila m\u00edr, jako chr\u00e1n\u00ed na\u0161e teritorium v\u016f\u010di neleg\u00e1ln\u00ed migraci, pak bychom se museli za\u010d\u00edt hodn\u011b b\u00e1t. Vol\u00e1n\u00ed premi\u00e9ra po evropsk\u00e9 arm\u00e1d\u011b pokl\u00e1d\u00e1m za blouzn\u011bn\u00ed.<\/p>\n<p>Posilov\u00e1n\u00ed v\u011bdom\u00ed odpov\u011bdnosti za svobodu vlasti je ov\u0161em p\u0159\u00edkaz doby. Byl jsem rok na vojn\u011b a byl to promarn\u011bn\u00fd \u010das, ale neodm\u00edt\u00e1m my\u0161lenku kr\u00e1tk\u00e9ho povinn\u00e9ho brann\u00e9ho v\u00fdcviku, jak\u00fd maj\u00ed nap\u0159\u00edklad ve \u0160v\u00fdcarsku. Technologick\u00e1 p\u0159evaha NATO nejsp\u00ed\u0161 v\u00a0nejbli\u017e\u0161\u00ed dob\u011b nedovol\u00ed vypuknut\u00ed v\u00e1lky v\u00a0Evrop\u011b \u010di na jej\u00edch hranic\u00edch, ale rozklad Evropy zp\u016fsoben\u00fd eskalac\u00ed vnit\u0159n\u00edho nap\u011bt\u00ed vylou\u010dit nelze.<\/p>\n<p><strong>M\u016f\u017ee samostatn\u00e1 \u010cesk\u00e1 republika obst\u00e1t v\u00a0dne\u0161n\u00edm sv\u011bt\u011b?<\/strong><\/p>\n<p>Podle m\u011b ne. Pat\u0159\u00edme k\u00a0Z\u00e1padu a sp\u00ed\u0161 ne\u017e hledat cestu z\u00a0EU bychom m\u011bli hledat cestu, jak u\u010dinit EU efektivn\u011bj\u0161\u00ed a demokrati\u010dt\u011bj\u0161\u00ed. Pevn\u00e1 geopolitick\u00e1 vazba k\u00a0euroatlantick\u00e9mu sv\u011btu je na\u0161\u00ed jedinou variantou. Nepodce\u0148ujme imperi\u00e1ln\u00ed mentalitu rusk\u00e9ho medv\u011bda. Nezapome\u0148me, \u017ee na na\u0161em \u00fazem\u00ed ji\u017e dvakr\u00e1t st\u00e1la bota rusk\u00e9ho voj\u00e1ka. V\u00edme snad v\u0161ichni, co to znamen\u00e1\u2026<\/p>\n<p><strong>Jste mj. m\u00edstostarostou Kr\u00e1lova Dvora.<\/strong><\/p>\n<p>ODS v\u00a0Kr\u00e1lov\u011b Dvo\u0159e m\u00e1 dobr\u00e9 postaven\u00ed d\u00edky na\u0161emu starostovi Petru Vychodilovi, mimochodem kandiduje tak\u00e9 do krajsk\u00e9ho zastupitelstva ve St\u0159edn\u00edch \u010cech\u00e1ch \u2013 podpo\u0159te ho! M\u011bstu se pod jeho veden\u00edm da\u0159\u00ed a j\u00e1 jsem hrd\u00fd na to, \u017ee m\u016f\u017eu b\u00fdt u toho. Dohodli jsme se p\u0159ed \u0161esti lety, \u017ee se do m\u00edstn\u00ed politiky zapoj\u00edm. Pro z\u00e1konod\u00e1rce je to nesm\u00edrn\u011b cenn\u00e1 zku\u0161enost.<\/p>\n<p><strong>Objevujete se na mnoha akc\u00edch, podporujete mnoh\u00e9 aktivity v\u00a0regionu. Zalo\u017eil jste Nada\u010dn\u00ed fond Letorosty. Co V\u00e1s vlastn\u011b p\u0159ivedlo k\u00a0dobro\u010dinnosti?<\/strong><\/p>\n<p>\u0160est let jsem pracoval v\u00a0neziskov\u00e9m sektoru, tak v\u00edm, jak je t\u011b\u017ek\u00e9 obst\u00e1t v\u00a0situaci, kdy nev\u00edte jist\u011b, s\u00a0jak\u00fdmi zdroji m\u016f\u017eete po\u010d\u00edtat. Je to permanentn\u00ed boj o p\u0159e\u017eit\u00ed. Proto jsem si \u0159ekl, \u017ee chci pom\u00e1hat t\u011bm, kte\u0159\u00ed u\u017e svou dosavadn\u00ed \u010dinnost\u00ed prok\u00e1zali schopnost dlouhodob\u011b pracovat pro pot\u0159ebn\u00e9. Formuloval jsem si to v takov\u00e9m heslu: pom\u00e1h\u00e1m t\u011bm, kdo pom\u00e1haj\u00ed. S\u00a0t\u00edm jsem sv\u016fj nada\u010dn\u00ed fond zalo\u017eil.<\/p>\n<p>Sen\u00e1tor nem\u00e1 ve sv\u00e9m regionu \u017e\u00e1dn\u00e9 pravomoci. Z\u00a0\u00fastavy se jen pod\u00edl\u00ed na tvorb\u011b z\u00e1kon\u016f. Ale je volen p\u0159\u00edmou volbou, a m\u00e1 tedy ke sv\u00e9mu obvodu velmi t\u011bsnou vazbu. Lid\u00e9 tak\u00e9 o\u010dek\u00e1vaj\u00ed n\u011bco nav\u00edc. Sna\u017e\u00edm se nal\u00e9zat smysl sv\u00e9ho p\u016fsoben\u00ed v\u00a0regionu v pomoci pot\u0159ebn\u00fdm nebo aktivn\u00edm. V\u00edte, \u017ee prvn\u00ed d\u00e1my st\u00e1tu obvykle vedle sv\u00e9ho man\u017eela podporuj\u00ed charitu. Jsem vlastn\u011b s\u00e1m sob\u011b takovou prvn\u00ed d\u00e1mou na\u0161eho regionu.<\/p>\n<p><strong>Ned\u00e1vno jste dostal cenu \u010e. Za co? <\/strong><\/p>\n<p>Je to cena za mecen\u00e1\u0161stv\u00ed. M\u016fj nada\u010dn\u00ed fond Letorosty p\u016fsob\u00ed u n\u00e1s u\u017e dvan\u00e1ct let. Provedli jsme si ned\u00e1vno takovou malou inventuru, co v\u0161echno jsme za ta l\u00e9ta pro n\u00e1\u0161 region ud\u011blali. Rozd\u011blili jsme p\u0159es \u0161est milion\u016f na darech a sponzoringu, jen hasi\u010d\u016fm \u0161lo v\u00edc ne\u017e dva miliony. Sami po\u0159\u00e1d\u00e1me \u0159adu akc\u00ed, nejzn\u00e1m\u011bj\u0161\u00ed je festival Berounsk\u00e9 Letorosty, na n\u011bm jsme p\u0159edali t\u0159i miliony korun.<\/p>\n<p>Celkov\u011b nada\u010dn\u00ed fond obstaral p\u0159es \u0161estn\u00e1ct milion\u016f ze soukrom\u00fdch zdroj\u016f ve prosp\u011bch lep\u0161\u00edho a pest\u0159ej\u0161\u00edho \u017eivota v\u00a0na\u0161em regionu. Bez m\u00e9ho \u00fasil\u00ed by v\u00a0na\u0161em regionu nebyly.<\/p>\n<p>Byla to nejen v\u00fd\u0161e, ale hlavn\u011b soustavnost m\u00e9 pomoci, pro\u010d jsem Cenu \u010e obdr\u017eel. Pot\u011b\u0161ilo m\u011b, \u017ee si m\u00e9ho dvan\u00e1ct let trvaj\u00edc\u00edho \u00fasil\u00ed lid\u00e9 pov\u0161imli.<\/p>\n<p><strong>Va\u0161e pr\u00e1ce a v\u0161echny Va\u0161e aktivity i mimo Sen\u00e1t a kr\u00e1lodvorskou radnici V\u00e1m zab\u00edraj\u00ed spoustu \u010dasu. Kolik hodin denn\u011b sp\u00edte? <\/strong><\/p>\n<p>Sp\u00e1nek ne\u0161id\u00edm, ale pracuji prakticky cel\u00fd den. V\u00a0denn\u00edch hodin\u00e1ch l\u00edt\u00e1m po jedn\u00e1n\u00edch a po akc\u00edch, je jich tolik, \u017ee ani nest\u00edh\u00e1m b\u00fdt v\u0161ude, ale sna\u017e\u00edm se osobn\u00ed \u00fa\u010dast\u00ed vyj\u00e1d\u0159it uzn\u00e1n\u00ed organiz\u00e1tor\u016fm kulturn\u00edho, spole\u010densk\u00e9ho nebo sportovn\u00edho \u017eivota na\u0161ich obc\u00ed. Ve\u010der doh\u00e1n\u00edm, co je pot\u0159eba, studuji podklady nebo p\u00ed\u0161u r\u016fzn\u00e9 texty. P\u0159itom ob\u010das soub\u011b\u017en\u011b kouk\u00e1m na televizi. \u010cas na kon\u00ed\u010dky se zkracuje.<\/p>\n<p><strong>V\u00a0roce 2016 jste op\u011btovn\u011b obh\u00e1jil k\u0159eslo sen\u00e1tora. Co m\u016f\u017eete sv\u00fdm voli\u010d\u016fm sl\u00edbit?<\/strong><\/p>\n<p>Po zku\u0161enosti ze dvou funk\u010dn\u00edch obdob\u00ed jsem na sliby velmi opatrn\u00fd. Zn\u00e1m sen\u00e1tory, kte\u0159\u00ed v\u00a0kampani slibovali dostavbu pra\u017esk\u00e9ho okruhu nebo obchvaty m\u011bst a vybudov\u00e1n\u00ed n\u00e1dra\u017e\u00ed ap. Dodnes nestoj\u00ed. Sen\u00e1tor nem\u00e1 pravomoc n\u011bco stav\u011bt nebo investovat.<\/p>\n<p>M\u016f\u017eu ru\u010dit za sv\u00e9 postoje, za principy, kter\u00e9 budu h\u00e1jit. Ale nem\u016f\u017eu ru\u010dit za v\u00fdsledek rozhodov\u00e1n\u00ed v\u00a0Sen\u00e1tu. Neum\u00edm ovlivnit slo\u017een\u00ed horn\u00ed komory, jestli bude jako celek provl\u00e1dn\u00ed, nebo protivl\u00e1dn\u00ed. Sen\u00e1t m\u00e1 p\u0159edev\u0161\u00edm korektivn\u00ed posl\u00e1n\u00ed a rozhoduje v\u00a0n\u011bm v\u011bt\u0161ina.<\/p>\n<p>A pak je tady Poslaneck\u00e1 sn\u011bmovna. V\u00a0posledn\u00ed dob\u011b jsme ve v\u00fdborech Sen\u00e1tu schv\u00e1lili \u0159adu dobr\u00fdch zm\u011bn v\u00a0navrhovan\u00fdch z\u00e1konech (nap\u0159. o registru smluv), ale Sn\u011bmovna n\u00e1s p\u0159ehlasovala.<\/p>\n<p>Nicm\u00e9n\u011b chci sl\u00edbit, \u017ee budu h\u00e1jit rozumn\u00e9 \u0159\u00edzen\u00ed st\u00e1tu, racion\u00e1ln\u00ed nakl\u00e1d\u00e1n\u00ed s\u00a0ve\u0159ejn\u00fdmi prost\u0159edky, chr\u00e1nit ob\u010dansk\u00e9 svobody. \u017dijeme v\u00a0bl\u00e1zniv\u00e9 dob\u011b, kter\u00e1 sv\u00e1d\u00ed k\u00a0hled\u00e1n\u00ed jednoduch\u00fdch \u0159e\u0161en\u00ed. Hlavn\u00edm vod\u00edtkem mus\u00ed z\u016fstat zdrav\u00fd rozum.<\/p>\n<p>Chci d\u00e1l pom\u00e1hat obc\u00edm i ob\u010dan\u016fm. Nab\u00edz\u00edm sv\u016fj z\u00e1jem o jejich starosti, slu\u0161nost a poctiv\u00e9 \u00fasil\u00ed pro zlep\u0161en\u00ed \u017eivota v\u00a0na\u0161em regionu.<\/p>\n<p><strong>(Rozhovor byl po\u0159\u00edzen v roce 2018)\u00a0<\/strong><\/p>\n","protected":false},"excerpt":{"rendered":"<p>MEDAILONEK Jsem obyvatelem dynamicky se rozv\u00edjej\u00edc\u00edho m\u011bsta Kr\u00e1l\u016fv Dv\u016fr. Ob\u010dan\u00e9 mi dali d\u016fv\u011bru v komun\u00e1ln\u00edch volb\u00e1ch, kde pravideln\u011b dost\u00e1v\u00e1m druh\u00fd nejvy\u0161\u0161\u00ed po\u010det hlas\u016f po starostovi. Pr\u00e1ce pro m\u011bsto je pro m\u011b obohacuj\u00edc\u00ed, nebo\u0165 tak&#46;&#46;&#46;<\/p>\n","protected":false},"author":1,"featured_media":0,"parent":0,"menu_order":0,"comment_status":"open","ping_status":"open","template":"","meta":{"footnotes":""},"class_list":["post-37","page","type-page","status-publish","hentry"],"_links":{"self":[{"href":"https:\/\/jirioberfalzer.cz\/index.php?rest_route=\/wp\/v2\/pages\/37","targetHints":{"allow":["GET"]}}],"collection":[{"href":"https:\/\/jirioberfalzer.cz\/index.php?rest_route=\/wp\/v2\/pages"}],"about":[{"href":"https:\/\/jirioberfalzer.cz\/index.php?rest_route=\/wp\/v2\/types\/page"}],"author":[{"embeddable":true,"href":"https:\/\/jirioberfalzer.cz\/index.php?rest_route=\/wp\/v2\/users\/1"}],"replies":[{"embeddable":true,"href":"https:\/\/jirioberfalzer.cz\/index.php?rest_route=%2Fwp%2Fv2%2Fcomments&post=37"}],"version-history":[{"count":23,"href":"https:\/\/jirioberfalzer.cz\/index.php?rest_route=\/wp\/v2\/pages\/37\/revisions"}],"predecessor-version":[{"id":3207,"href":"https:\/\/jirioberfalzer.cz\/index.php?rest_route=\/wp\/v2\/pages\/37\/revisions\/3207"}],"wp:attachment":[{"href":"https:\/\/jirioberfalzer.cz\/index.php?rest_route=%2Fwp%2Fv2%2Fmedia&parent=37"}],"curies":[{"name":"wp","href":"https:\/\/api.w.org\/{rel}","templated":true}]}}